{"id":3382,"date":"2024-05-17T11:19:10","date_gmt":"2024-05-17T09:19:10","guid":{"rendered":"https:\/\/www.profinfo.pl\/blog\/?post_type=glossary&#038;p=3382"},"modified":"2024-05-17T11:19:10","modified_gmt":"2024-05-17T09:19:10","slug":"ustawa-o-systemie-oswiaty","status":"publish","type":"glossary","link":"https:\/\/www.profinfo.pl\/blog\/ustawy\/ustawa-o-systemie-oswiaty\/","title":{"rendered":"Ustawa o systemie o\u015bwiaty"},"content":{"rendered":"\n<p>Ustawa z dnia 7 wrze\u015bnia 1991 r. o systemie o\u015bwiaty (Dz.U. 2022 poz. 2230) stanowi fundamentalne \u017ar\u00f3d\u0142o prawa w dziedzinie edukacji w Polsce. Wesz\u0142a ona w \u017cycie z dniem og\u0142oszenia, tj. 25 pa\u017adziernika 1991 r., z wyj\u0105tkiem przepis\u00f3w rozdzia\u0142u 7, kt\u00f3re zacz\u0119\u0142y obowi\u0105zywa\u0107 od 1 stycznia 1992 roku. Ustawa ta zast\u0105pi\u0142a wcze\u015bniejsze regulacje prawne dotycz\u0105ce edukacji, w tym ustaw\u0119 z 15 lipca 1961 r. o rozwoju systemu o\u015bwiaty i wychowania oraz dekret z 23 marca 1956 r. o obowi\u0105zku szkolnym, kt\u00f3re straci\u0142y moc.<\/p>\n\n\n\n<!--more-->\n\n\n\n<div class=\"wp-block-media-text alignwide is-stacked-on-mobile is-vertically-aligned-top\" style=\"grid-template-columns:20% auto\"><figure class=\"wp-block-media-text__media\"><img decoding=\"async\" width=\"800\" height=\"1128\" src=\"https:\/\/www.profinfo.pl\/blog\/wp-content\/uploads\/2024\/05\/978-83-8124-446-6_.jpg.webp\" alt=\"\" class=\"wp-image-3391 size-full\" title=\"\"><\/figure><div class=\"wp-block-media-text__content\">\n<p><a href=\"https:\/\/www.profinfo.pl\/sklep\/ustawa-o-systemie-oswiaty-komentarz,69956.html\">Ustawa o systemie o\u015bwiaty. Komentarz<\/a>. Agata Piszko<\/p>\n<\/div><\/div>\n\n\n\n<div class=\"wp-block-media-text alignwide is-stacked-on-mobile is-vertically-aligned-top\" style=\"grid-template-columns:20% auto\"><figure class=\"wp-block-media-text__media\"><img decoding=\"async\" width=\"800\" height=\"1134\" src=\"https:\/\/www.profinfo.pl\/blog\/wp-content\/uploads\/2024\/05\/978-83-8107-809-2_.jpg.webp\" alt=\"\" class=\"wp-image-3392 size-full\" title=\"\"><\/figure><div class=\"wp-block-media-text__content\">\n<p><a href=\"https:\/\/www.profinfo.pl\/sklep\/wzory-dokumentow-ustawa-o-systemie-oswiaty-prawo-oswiatowe-i-przepisy-wprowadzajace-z-serii-meritum,57833.html\">Wzory dokument\u00f3w &#8211; ustawa o systemie o\u015bwiaty, prawo o\u015bwiatowe i przepisy wprowadzaj\u0105ce &#8211; z serii MERITUM. Edytowalne wzory dost\u0119pne na stronie internetowej<\/a>. Krzysztof Gawro\u0144ski, Lidia Marciniak<\/p>\n<\/div><\/div>\n\n\n\n<div class=\"wp-block-media-text alignwide is-stacked-on-mobile is-vertically-aligned-top\" style=\"grid-template-columns:20% auto\"><figure class=\"wp-block-media-text__media\"><img decoding=\"async\" width=\"800\" height=\"1077\" src=\"https:\/\/www.profinfo.pl\/blog\/wp-content\/uploads\/2024\/05\/978-83-8358-100-2_.jpg.webp\" alt=\"\" class=\"wp-image-3393 size-full\" title=\"\"><\/figure><div class=\"wp-block-media-text__content\">\n<p><a href=\"https:\/\/www.profinfo.pl\/sklep\/dobry-nauczyciel-dobry-uczen-dobra-szkola,502317.html\">Dobry nauczyciel &#8211; dobry ucze\u0144 &#8211; dobra szko\u0142a<\/a>. Krzysztof Gawro\u0144ski, Stefan Kwiatkowski<\/p>\n<\/div><\/div>\n\n\n\n<h2 class=\"wp-block-heading\">Problematyka ustawy o systemie o\u015bwiaty<\/h2>\n\n\n\n<p>O\u015bwiata w Polsce, zdefiniowana przez ustaw\u0119 z dnia 7 wrze\u015bnia 1991 r., obejmuje szeroko poj\u0119ty proces edukacyjny, maj\u0105cy celu nie tylko przekazanie wiedzy, ale tak\u017ce kszta\u0142towanie umiej\u0119tno\u015bci i postaw spo\u0142ecznych. System ten jest zobowi\u0105zany do przygotowania m\u0142odego pokolenia do aktywnego uczestnictwa w \u017cyciu spo\u0142ecznym oraz zawodowym. Edukacja odbywa si\u0119 na wielu poziomach, pocz\u0105wszy od przedszkoli, przez szko\u0142y podstawowe, a\u017c po szko\u0142y \u015brednie i uczelnie wy\u017csze.<\/p>\n\n\n\n<p>Ustawa reguluje nie tylko kwestie zwi\u0105zane z organizacj\u0105 tych instytucji, ale r\u00f3wnie\u017c definiuje role i obowi\u0105zki wszystkich uczestnik\u00f3w procesu edukacyjnego. Dotyczy to zar\u00f3wno uczni\u00f3w, jak i ich rodzic\u00f3w, nauczycieli oraz organ\u00f3w administracji o\u015bwiatowej. Wszystkie te grupy s\u0105 zobligowane do wsp\u00f3\u0142pracy na rzecz zapewnienia jak najwy\u017cszych standard\u00f3w kszta\u0142cenia.<\/p>\n\n\n\n<p>Kolejnym wa\u017cnym aspektem, o kt\u00f3rym m\u00f3wi ustawa, jest kszta\u0142cenie nauczycieli oraz ich rozw\u00f3j zawodowy. Podkre\u015bla si\u0119 znaczenie ci\u0105g\u0142ego podnoszenia kwalifikacji pedagogicznych, co ma bezpo\u015bredni wp\u0142yw na jako\u015b\u0107 nauczania. Ustawa zobowi\u0105zuje r\u00f3wnie\u017c pa\u0144stwo do zapewnienia odpowiednich warunk\u00f3w pracy nauczycieli.<\/p>\n\n\n\n<p>Na przestrzeni lat ustawa o systemie o\u015bwiaty by\u0142a wielokrotnie nowelizowana, aby dostosowa\u0107 polski system edukacyjny do zmieniaj\u0105cych si\u0119 reali\u00f3w spo\u0142ecznych, ekonomicznych oraz technologicznych. Naj\u015bwie\u017csz\u0105 zmian\u0105 jest nowelizacja przeprowadzona ustaw\u0105 z dnia 30 sierpnia 2023 r. o zmianie ustawy &#8211; Prawo o\u015bwiatowe oraz niekt\u00f3rych innych ustaw.<\/p>\n\n\n\n<p>Jedn\u0105 z kluczowych zmian jest aktualizacja kwot dofinansowania z Funduszu Pracy za jednorazowe przyst\u0105pienie do egzaminu z ka\u017cdej kwalifikacji wyodr\u0119bnionej w danym zawodzie. W 2022 roku wysoko\u015b\u0107 tego dofinansowania wynosi\u0142a 76 z\u0142, natomiast od 2023 roku zosta\u0142a zwi\u0119kszona do 97 z\u0142. Ponadto dokonano przedefiniowania plac\u00f3wek kszta\u0142cenia, zast\u0119puj\u0105c termin &#8222;plac\u00f3wki kszta\u0142cenia ustawicznego i centra kszta\u0142cenia zawodowego&#8221; nowym okre\u015bleniem, co pozwala na lepsze zintegrowanie tych jednostek z obowi\u0105zuj\u0105cym systemem prawnym.<\/p>\n\n\n\n<p>Zmiana dotyczy r\u00f3wnie\u017c nauczania j\u0119zyk\u00f3w obcych i \u0142aci\u0144skiego, szczeg\u00f3lnie w klasach IV\u2013VIII szk\u00f3\u0142 podstawowych oraz szko\u0142ach ponadpodstawowych, umo\u017cliwiaj\u0105c bardziej elastyczne dostosowanie program\u00f3w nauczania do potrzeb uczni\u00f3w. Wprowadzono r\u00f3wnie\u017c specjalne zasady dla uczni\u00f3w i s\u0142uchaczy posiadaj\u0105cych certyfikaty kwalifikacji zawodowych, kt\u00f3re umo\u017cliwiaj\u0105 im zwolnienie z cz\u0119\u015bci egzamin\u00f3w zawodowych. Dodatkowo zdaj\u0105cy egzamin maturalny z j\u0119zyka obcego nowo\u017cytnego lub \u0142aci\u0144skiego, kt\u00f3rzy uzyskali tytu\u0142 laureata lub finalisty olimpiady przedmiotowej, mog\u0105 by\u0107 zwolnieni z tego egzaminu.<\/p>\n\n\n\n<p>Absolwenci, kt\u00f3rzy chc\u0105 poprawi\u0107 swoje wyniki, maj\u0105 mo\u017cliwo\u015b\u0107 ponownego zdawania egzaminu maturalnego z wybranych przedmiot\u00f3w, zgodnie z obowi\u0105zuj\u0105cymi przepisami. Ta mo\u017cliwo\u015b\u0107 daje im szans\u0119 na lepsze przygotowanie do dalszej edukacji czy wej\u015bcia na rynek pracy. Te zmiany maj\u0105 na celu nie tylko popraw\u0119 jako\u015bci kszta\u0142cenia, ale tak\u017ce zwi\u0119kszenie dost\u0119pno\u015bci edukacji i dostosowanie jej do indywidualnych potrzeb uczni\u00f3w oraz wymaga\u0144 rynku pracy.<\/p>\n","protected":false},"excerpt":{"rendered":"<p>Ustawa z dnia 7 wrze\u015bnia 1991 r. o systemie o\u015bwiaty (Dz.U. 2022 poz. 2230) stanowi fundamentalne \u017ar\u00f3d\u0142o prawa w dziedzinie edukacji w Polsce. Wesz\u0142a ona w \u017cycie z dniem og\u0142oszenia, tj. 25 pa\u017adziernika 1991 r., z wyj\u0105tkiem przepis\u00f3w rozdzia\u0142u 7, kt\u00f3re zacz\u0119\u0142y obowi\u0105zywa\u0107 od 1 stycznia 1992 roku. Ustawa ta zast\u0105pi\u0142a wcze\u015bniejsze regulacje prawne dotycz\u0105ce &hellip; <\/p>\n<p><a href=\"https:\/\/www.profinfo.pl\/blog\/ustawy\/ustawa-o-systemie-oswiaty\/\" class=\"more-link\">Czytaj wi\u0119cej<span class=\"screen-reader-text\"> &#8222;Ustawa o systemie o\u015bwiaty&#8221;<\/span><\/a><\/p>\n","protected":false},"author":1,"featured_media":0,"parent":0,"template":"","glossary-cat":[],"class_list":["post-3382","glossary","type-glossary","status-publish","hentry"],"_links":{"self":[{"href":"https:\/\/www.profinfo.pl\/blog\/wp-json\/wp\/v2\/glossary\/3382","targetHints":{"allow":["GET"]}}],"collection":[{"href":"https:\/\/www.profinfo.pl\/blog\/wp-json\/wp\/v2\/glossary"}],"about":[{"href":"https:\/\/www.profinfo.pl\/blog\/wp-json\/wp\/v2\/types\/glossary"}],"author":[{"embeddable":true,"href":"https:\/\/www.profinfo.pl\/blog\/wp-json\/wp\/v2\/users\/1"}],"version-history":[{"count":2,"href":"https:\/\/www.profinfo.pl\/blog\/wp-json\/wp\/v2\/glossary\/3382\/revisions"}],"predecessor-version":[{"id":3394,"href":"https:\/\/www.profinfo.pl\/blog\/wp-json\/wp\/v2\/glossary\/3382\/revisions\/3394"}],"wp:attachment":[{"href":"https:\/\/www.profinfo.pl\/blog\/wp-json\/wp\/v2\/media?parent=3382"}],"wp:term":[{"taxonomy":"glossary-cat","embeddable":true,"href":"https:\/\/www.profinfo.pl\/blog\/wp-json\/wp\/v2\/glossary-cat?post=3382"}],"curies":[{"name":"wp","href":"https:\/\/api.w.org\/{rel}","templated":true}]}}