{"id":3417,"date":"2024-07-05T10:44:02","date_gmt":"2024-07-05T08:44:02","guid":{"rendered":"https:\/\/www.profinfo.pl\/blog\/?post_type=glossary&#038;p=3417"},"modified":"2024-07-05T10:44:02","modified_gmt":"2024-07-05T08:44:02","slug":"ustawa-o-wlasnosci-lokali","status":"publish","type":"glossary","link":"https:\/\/www.profinfo.pl\/blog\/ustawy\/ustawa-o-wlasnosci-lokali\/","title":{"rendered":"Ustawa o w\u0142asno\u015bci lokali"},"content":{"rendered":"\n<p>Ustawa z dnia 24 czerwca 1994 r. o w\u0142asno\u015bci lokali (Dz. U. z 2021 r. poz. 1048, z 2023 r. poz. 1688.) stanowi kluczowy dokument reguluj\u0105cy kwestie zwi\u0105zane z w\u0142asno\u015bci\u0105 mieszka\u0144 i innych lokali mieszkalnych w Polsce. Oficjalna data og\u0142oszenia ustawy przypada na 27 lipca 1994 roku, a jej przepisy zacz\u0119\u0142y obowi\u0105zywa\u0107 od 1 stycznia 1995 roku. Wyj\u0105tek stanowi przepis art. 40 ust. 1, kt\u00f3ry wszed\u0142 w \u017cycie natychmiast po og\u0142oszeniu.<\/p>\n\n\n\n<!--more-->\n\n\n\n<div class=\"wp-block-media-text is-stacked-on-mobile is-vertically-aligned-top\" style=\"grid-template-columns:20% auto\"><figure class=\"wp-block-media-text__media\"><img decoding=\"async\" width=\"800\" height=\"1128\" src=\"https:\/\/www.profinfo.pl\/blog\/wp-content\/uploads\/2024\/07\/978-83-8328-536-8_.jpg.webp\" alt=\"\" class=\"wp-image-3428 size-full\" title=\"\"><\/figure><div class=\"wp-block-media-text__content\">\n<p><a href=\"https:\/\/www.profinfo.pl\/sklep\/wlasnosc-lokali-komentarz,431395.html\">W\u0142asno\u015b\u0107 lokali. Komentarz<\/a>. Hubert Izdebski, Tymoteusz Bara\u0144ski, Buli\u0144ski Kamil<\/p>\n<\/div><\/div>\n\n\n\n<div class=\"wp-block-media-text is-stacked-on-mobile is-vertically-aligned-top\" style=\"grid-template-columns:20% auto\"><figure class=\"wp-block-media-text__media\"><img decoding=\"async\" width=\"800\" height=\"1077\" src=\"https:\/\/www.profinfo.pl\/blog\/wp-content\/uploads\/2024\/07\/978-83-8187-049-8_.jpg.webp\" alt=\"\" class=\"wp-image-3429 size-full\" title=\"\"><\/figure><div class=\"wp-block-media-text__content\">\n<p><a href=\"https:\/\/www.profinfo.pl\/sklep\/wlasnosc-lokali-i-wspolnota-mieszkaniowa-komentarz,122604.html\">W\u0142asno\u015b\u0107 lokali i wsp\u00f3lnota mieszkaniowa. Komentarz<\/a>. Ewa Bo\u0144czak-Kucharczyk<\/p>\n<\/div><\/div>\n\n\n\n<div class=\"wp-block-media-text is-stacked-on-mobile is-vertically-aligned-top\" style=\"grid-template-columns:20% auto\"><figure class=\"wp-block-media-text__media\"><img decoding=\"async\" width=\"800\" height=\"1077\" src=\"https:\/\/www.profinfo.pl\/blog\/wp-content\/uploads\/2024\/07\/978-83-8286-822-7_.jpg.webp\" alt=\"\" class=\"wp-image-3430 size-full\" title=\"\"><\/figure><div class=\"wp-block-media-text__content\">\n<p><a href=\"https:\/\/www.profinfo.pl\/sklep\/spoldzielnie-mieszkaniowe-komentarz,402103.html\">Sp\u00f3\u0142dzielnie mieszkaniowe. Komentarz<\/a>. Ewa Bo\u0144czak-Kucharczyk<\/p>\n<\/div><\/div>\n\n\n\n<h2 class=\"wp-block-heading\">Problematyka ustawy o w\u0142asno\u015bci lokali<\/h2>\n\n\n\n<p>Ustawa o w\u0142asno\u015bci lokali z 1994 roku jest jednym z najwa\u017cniejszych dokument\u00f3w prawnych reguluj\u0105cym kwestie zwi\u0105zane z posiadaniem, zarz\u0105dzaniem oraz u\u017cytkowaniem lokali mieszkalnych oraz u\u017cytkowych w Polsce. Jej g\u0142\u00f3wnym celem jest stworzenie przejrzystych, stabilnych ram prawnych, kt\u00f3re wspieraj\u0105 zar\u00f3wno indywidualnych w\u0142a\u015bcicieli, jak i wsp\u00f3lnoty mieszkaniowe, dbaj\u0105c o harmonijn\u0105 wsp\u00f3\u0142prac\u0119 oraz wsp\u00f3lne zarz\u0105dzanie nieruchomo\u015bciami wielolokalowymi.<\/p>\n\n\n\n<p>Na mocy ustawy, lokal mieszkalny lub u\u017cytkowy mo\u017ce stanowi\u0107 odr\u0119bn\u0105 w\u0142asno\u015b\u0107, co oznacza, \u017ce jest wyodr\u0119bniony prawnie z wi\u0119kszej nieruchomo\u015bci i mo\u017ce by\u0107 przedmiotem transakcji, hipoteki czy dziedziczenia. Ustawa precyzyjnie okre\u015bla, jakie elementy budynku mo\u017cna zaliczy\u0107 do lokali odr\u0119bnych, a jakie pozostaj\u0105 wsp\u00f3ln\u0105 w\u0142asno\u015bci\u0105 wszystkich mieszka\u0144c\u00f3w. W tym kontek\u015bcie wa\u017cne jest r\u00f3wnie\u017c zrozumienie, \u017ce ka\u017cdy w\u0142a\u015bciciel lokalu automatycznie staje si\u0119 wsp\u00f3\u0142w\u0142a\u015bcicielem cz\u0119\u015bci wsp\u00f3lnych budynku, takich jak klatki schodowe, dachy, fundamenty czy instalacje centralne.<\/p>\n\n\n\n<p>Ustawa szczeg\u00f3\u0142owo reguluje funkcjonowanie wsp\u00f3lnot mieszkaniowych, kt\u00f3re s\u0105 kluczowe dla efektywnego zarz\u0105dzania wsp\u00f3lnymi cz\u0119\u015bciami nieruchomo\u015bci. Definiuje spos\u00f3b, w jaki wsp\u00f3lnoty s\u0105 tworzone, jak powinny by\u0107 prowadzone ich zgromadzenia, a tak\u017ce jakie obowi\u0105zki i uprawnienia przypisuje si\u0119 zarz\u0105dom tych wsp\u00f3lnot. Sprawne zarz\u0105dzanie wymaga transparentno\u015bci decyzji oraz aktywnego uczestnictwa wszystkich cz\u0142onk\u00f3w wsp\u00f3lnoty, co jest wspierane przez przepisy ustawy nak\u0142adaj\u0105ce na zarz\u0105dy obowi\u0105zek regularnego informowania o dzia\u0142aniach oraz planowanych inwestycjach czy remontach.<\/p>\n\n\n\n<p>Wa\u017cnym aspektem ustawy s\u0105 zapisy dotycz\u0105ce praw i obowi\u0105zk\u00f3w wynikaj\u0105cych bezpo\u015brednio z posiadania lokali. Ustawa nak\u0142ada na w\u0142a\u015bcicieli obowi\u0105zek dbania o dobry stan techniczny swojego lokalu, ale r\u00f3wnie\u017c zobowi\u0105zuje ich do przestrzegania przepis\u00f3w budowlanych oraz zasad wsp\u00f3\u0142\u017cycia spo\u0142ecznego. Z drugiej strony, w\u0142a\u015bciciele lokali maj\u0105 tak\u017ce prawa, takie jak mo\u017cliwo\u015b\u0107 decydowania o zarz\u0105dzaniu nieruchomo\u015bci\u0105 wsp\u00f3ln\u0105, prawo do korzystania z cz\u0119\u015bci wsp\u00f3lnych oraz ochron\u0119 przed nieuzasadnionymi ingerencjami ze strony zarz\u0105du wsp\u00f3lnoty.<\/p>\n\n\n\n<p>Ustawa od momentu wprowadzenia by\u0142a kilkukrotnie nowelizowane w celu dostosowanie jej do zmieniaj\u0105cych si\u0119 warunk\u00f3w rynkowych, technologicznych oraz spo\u0142ecznych. Ka\u017cda zmian mia\u0142a za zadanie odpowiedzie\u0107 na bie\u017c\u0105ce problemy i wyzwania, takie jak potrzeba lepszego dostosowania przepis\u00f3w do reali\u00f3w rynku nieruchomo\u015bci, zapewnienie wi\u0119kszej ochrony praw lokator\u00f3w, czy te\u017c ulepszenie mechanizm\u00f3w zarz\u0105dzania nieruchomo\u015bciami wsp\u00f3lnymi. Te zmiany s\u0105 dowodem na to, \u017ce ustawa jest \u017cywym dokumentem, kt\u00f3ry ewoluuje wraz z potrzebami spo\u0142ecze\u0144stwa i rynku.<\/p>\n\n\n\n<p>Regulacje zawarte w ustawie o w\u0142asno\u015bci lokali nie tylko definiuje ramy prawne, ale r\u00f3wnie\u017c pomaga w codziennym \u017cyciu tysi\u0119cy w\u0142a\u015bcicieli oraz mieszka\u0144c\u00f3w, stanowi\u0105c fundament prawny dla wielu aspekt\u00f3w zwi\u0105zanych z posiadaniem i zarz\u0105dzaniem nieruchomo\u015bciami w Polsce.<\/p>\n","protected":false},"excerpt":{"rendered":"<p>Ustawa z dnia 24 czerwca 1994 r. o w\u0142asno\u015bci lokali (Dz. U. z 2021 r. poz. 1048, z 2023 r. poz. 1688.) stanowi kluczowy dokument reguluj\u0105cy kwestie zwi\u0105zane z w\u0142asno\u015bci\u0105 mieszka\u0144 i innych lokali mieszkalnych w Polsce. Oficjalna data og\u0142oszenia ustawy przypada na 27 lipca 1994 roku, a jej przepisy zacz\u0119\u0142y obowi\u0105zywa\u0107 od 1 stycznia &hellip; <\/p>\n<p><a href=\"https:\/\/www.profinfo.pl\/blog\/ustawy\/ustawa-o-wlasnosci-lokali\/\" class=\"more-link\">Czytaj wi\u0119cej<span class=\"screen-reader-text\"> &#8222;Ustawa o w\u0142asno\u015bci lokali&#8221;<\/span><\/a><\/p>\n","protected":false},"author":1,"featured_media":0,"parent":0,"template":"","glossary-cat":[],"class_list":["post-3417","glossary","type-glossary","status-publish","hentry"],"_links":{"self":[{"href":"https:\/\/www.profinfo.pl\/blog\/wp-json\/wp\/v2\/glossary\/3417","targetHints":{"allow":["GET"]}}],"collection":[{"href":"https:\/\/www.profinfo.pl\/blog\/wp-json\/wp\/v2\/glossary"}],"about":[{"href":"https:\/\/www.profinfo.pl\/blog\/wp-json\/wp\/v2\/types\/glossary"}],"author":[{"embeddable":true,"href":"https:\/\/www.profinfo.pl\/blog\/wp-json\/wp\/v2\/users\/1"}],"version-history":[{"count":2,"href":"https:\/\/www.profinfo.pl\/blog\/wp-json\/wp\/v2\/glossary\/3417\/revisions"}],"predecessor-version":[{"id":3431,"href":"https:\/\/www.profinfo.pl\/blog\/wp-json\/wp\/v2\/glossary\/3417\/revisions\/3431"}],"wp:attachment":[{"href":"https:\/\/www.profinfo.pl\/blog\/wp-json\/wp\/v2\/media?parent=3417"}],"wp:term":[{"taxonomy":"glossary-cat","embeddable":true,"href":"https:\/\/www.profinfo.pl\/blog\/wp-json\/wp\/v2\/glossary-cat?post=3417"}],"curies":[{"name":"wp","href":"https:\/\/api.w.org\/{rel}","templated":true}]}}